{"id":1337,"date":"2023-09-14T22:32:00","date_gmt":"2023-09-14T21:32:00","guid":{"rendered":"https:\/\/www.urban-architecture.com\/?post_type=jetpack-portfolio&#038;p=1337"},"modified":"2024-07-07T22:59:46","modified_gmt":"2024-07-07T21:59:46","slug":"machbarkeitsstudie-bauhof-forst-stuttgart","status":"publish","type":"jetpack-portfolio","link":"https:\/\/www.urban-architecture.com\/?portfolio=machbarkeitsstudie-bauhof-forst-stuttgart","title":{"rendered":"Machbarkeitsstudie Bauhof Forstamt Stuttgart"},"content":{"rendered":"\n<figure class=\"wp-block-image size-large\"><a href=\"https:\/\/i0.wp.com\/www.urban-architecture.com\/wp-content\/uploads\/2024\/07\/IMG_9345-scaled.jpg?ssl=1\"><img data-recalc-dims=\"1\" loading=\"lazy\" decoding=\"async\" width=\"700\" height=\"525\" src=\"https:\/\/i0.wp.com\/www.urban-architecture.com\/wp-content\/uploads\/2024\/07\/IMG_9345.jpg?resize=700%2C525&#038;ssl=1\" alt=\"\" class=\"wp-image-1401\" srcset=\"https:\/\/i0.wp.com\/www.urban-architecture.com\/wp-content\/uploads\/2024\/07\/IMG_9345-scaled.jpg?resize=1024%2C768&amp;ssl=1 1024w, https:\/\/i0.wp.com\/www.urban-architecture.com\/wp-content\/uploads\/2024\/07\/IMG_9345-scaled.jpg?resize=300%2C225&amp;ssl=1 300w, https:\/\/i0.wp.com\/www.urban-architecture.com\/wp-content\/uploads\/2024\/07\/IMG_9345-scaled.jpg?resize=768%2C576&amp;ssl=1 768w, https:\/\/i0.wp.com\/www.urban-architecture.com\/wp-content\/uploads\/2024\/07\/IMG_9345-scaled.jpg?resize=1536%2C1152&amp;ssl=1 1536w, https:\/\/i0.wp.com\/www.urban-architecture.com\/wp-content\/uploads\/2024\/07\/IMG_9345-scaled.jpg?resize=2048%2C1536&amp;ssl=1 2048w, https:\/\/i0.wp.com\/www.urban-architecture.com\/wp-content\/uploads\/2024\/07\/IMG_9345-scaled.jpg?w=1400&amp;ssl=1 1400w, https:\/\/i0.wp.com\/www.urban-architecture.com\/wp-content\/uploads\/2024\/07\/IMG_9345-scaled.jpg?w=2100&amp;ssl=1 2100w\" sizes=\"auto, (max-width: 700px) 100vw, 700px\" \/><\/a><figcaption class=\"wp-element-caption\">\u00a9 UA Urban Architecture<\/figcaption><\/figure>\n\n\n\n<p>Der bestehende Bauhof f\u00fcr den Forstbezirk Vaihingen entspricht nicht mehr den heutigen Anforderungen. Nach Pr\u00fcfung des Bestandsgeb\u00e4udes wurde dieses als nicht entwicklungsf\u00e4hig eingestuft und ein Neubau ist notwendig. In dem neuen Bauhof werden die Ausbildung der angehenden Forstwirte als auch die jetzigen Mitarbeiter unter einem Dach zusammenarbeiten. Eine Garage mit sechs Stellpl\u00e4tzen, Sanit\u00e4r- und Umkleider\u00e4ume, Aufenthaltsr\u00e4ume, Verwaltung sowie ein Lehrraum und die Lehrwerkstatt sind hier zusammengefasst. Die pr\u00e4gnante Dachform entwickelt sich aus den Dimensionen des grossen Forstschleppers mit den Anbauteilen. Durch das Schmetterlingsdach \u00f6ffnen sich die R\u00e4ume in die Umgebung. Als sichtbares Zeichen f\u00fcr den Forst wird der Bauhof vollst\u00e4ndig aus Brettsperrholz mit einer lasierten Holzfassade errichtet. Das begr\u00fcnte Dach mit einer PV-Anlage reduziert die versiegelte Fl\u00e4che.<\/p>\n\n\n\n<figure class=\"wp-block-image size-large\"><a href=\"https:\/\/i0.wp.com\/www.urban-architecture.com\/wp-content\/uploads\/2024\/07\/bfr_lageplan.png?ssl=1\"><img data-recalc-dims=\"1\" loading=\"lazy\" decoding=\"async\" width=\"700\" height=\"431\" src=\"https:\/\/i0.wp.com\/www.urban-architecture.com\/wp-content\/uploads\/2024\/07\/bfr_lageplan.png?resize=700%2C431&#038;ssl=1\" alt=\"\" class=\"wp-image-1405\" srcset=\"https:\/\/i0.wp.com\/www.urban-architecture.com\/wp-content\/uploads\/2024\/07\/bfr_lageplan.png?resize=1024%2C631&amp;ssl=1 1024w, https:\/\/i0.wp.com\/www.urban-architecture.com\/wp-content\/uploads\/2024\/07\/bfr_lageplan.png?resize=300%2C185&amp;ssl=1 300w, https:\/\/i0.wp.com\/www.urban-architecture.com\/wp-content\/uploads\/2024\/07\/bfr_lageplan.png?resize=768%2C473&amp;ssl=1 768w, https:\/\/i0.wp.com\/www.urban-architecture.com\/wp-content\/uploads\/2024\/07\/bfr_lageplan.png?resize=1536%2C947&amp;ssl=1 1536w, https:\/\/i0.wp.com\/www.urban-architecture.com\/wp-content\/uploads\/2024\/07\/bfr_lageplan.png?resize=2048%2C1262&amp;ssl=1 2048w, https:\/\/i0.wp.com\/www.urban-architecture.com\/wp-content\/uploads\/2024\/07\/bfr_lageplan.png?w=1400&amp;ssl=1 1400w, https:\/\/i0.wp.com\/www.urban-architecture.com\/wp-content\/uploads\/2024\/07\/bfr_lageplan.png?w=2100&amp;ssl=1 2100w\" sizes=\"auto, (max-width: 700px) 100vw, 700px\" \/><\/a><\/figure>\n\n\n\n<figure class=\"wp-block-image size-large\"><a href=\"https:\/\/i0.wp.com\/www.urban-architecture.com\/wp-content\/uploads\/2024\/07\/bfr_grundriss.png?ssl=1\"><img data-recalc-dims=\"1\" loading=\"lazy\" decoding=\"async\" width=\"700\" height=\"438\" src=\"https:\/\/i0.wp.com\/www.urban-architecture.com\/wp-content\/uploads\/2024\/07\/bfr_grundriss.png?resize=700%2C438&#038;ssl=1\" alt=\"\" class=\"wp-image-1406\" srcset=\"https:\/\/i0.wp.com\/www.urban-architecture.com\/wp-content\/uploads\/2024\/07\/bfr_grundriss.png?resize=1024%2C641&amp;ssl=1 1024w, https:\/\/i0.wp.com\/www.urban-architecture.com\/wp-content\/uploads\/2024\/07\/bfr_grundriss.png?resize=300%2C188&amp;ssl=1 300w, https:\/\/i0.wp.com\/www.urban-architecture.com\/wp-content\/uploads\/2024\/07\/bfr_grundriss.png?resize=768%2C481&amp;ssl=1 768w, https:\/\/i0.wp.com\/www.urban-architecture.com\/wp-content\/uploads\/2024\/07\/bfr_grundriss.png?resize=1536%2C961&amp;ssl=1 1536w, https:\/\/i0.wp.com\/www.urban-architecture.com\/wp-content\/uploads\/2024\/07\/bfr_grundriss.png?resize=2048%2C1281&amp;ssl=1 2048w, https:\/\/i0.wp.com\/www.urban-architecture.com\/wp-content\/uploads\/2024\/07\/bfr_grundriss.png?w=1400&amp;ssl=1 1400w, https:\/\/i0.wp.com\/www.urban-architecture.com\/wp-content\/uploads\/2024\/07\/bfr_grundriss.png?w=2100&amp;ssl=1 2100w\" sizes=\"auto, (max-width: 700px) 100vw, 700px\" \/><\/a><\/figure>\n\n\n\n<figure class=\"wp-block-image size-large\"><a href=\"https:\/\/i0.wp.com\/www.urban-architecture.com\/wp-content\/uploads\/2024\/07\/bfr_ansichten-2.png?ssl=1\"><img data-recalc-dims=\"1\" loading=\"lazy\" decoding=\"async\" width=\"700\" height=\"492\" src=\"https:\/\/i0.wp.com\/www.urban-architecture.com\/wp-content\/uploads\/2024\/07\/bfr_ansichten-2.png?resize=700%2C492&#038;ssl=1\" alt=\"\" class=\"wp-image-1407\" srcset=\"https:\/\/i0.wp.com\/www.urban-architecture.com\/wp-content\/uploads\/2024\/07\/bfr_ansichten-2.png?resize=1024%2C720&amp;ssl=1 1024w, https:\/\/i0.wp.com\/www.urban-architecture.com\/wp-content\/uploads\/2024\/07\/bfr_ansichten-2.png?resize=300%2C211&amp;ssl=1 300w, https:\/\/i0.wp.com\/www.urban-architecture.com\/wp-content\/uploads\/2024\/07\/bfr_ansichten-2.png?resize=768%2C540&amp;ssl=1 768w, https:\/\/i0.wp.com\/www.urban-architecture.com\/wp-content\/uploads\/2024\/07\/bfr_ansichten-2.png?resize=1536%2C1080&amp;ssl=1 1536w, https:\/\/i0.wp.com\/www.urban-architecture.com\/wp-content\/uploads\/2024\/07\/bfr_ansichten-2.png?resize=2048%2C1441&amp;ssl=1 2048w, https:\/\/i0.wp.com\/www.urban-architecture.com\/wp-content\/uploads\/2024\/07\/bfr_ansichten-2.png?w=1400&amp;ssl=1 1400w, https:\/\/i0.wp.com\/www.urban-architecture.com\/wp-content\/uploads\/2024\/07\/bfr_ansichten-2.png?w=2100&amp;ssl=1 2100w\" sizes=\"auto, (max-width: 700px) 100vw, 700px\" \/><\/a><\/figure>\n\n\n\n<figure class=\"wp-block-image size-large\"><a href=\"https:\/\/i0.wp.com\/www.urban-architecture.com\/wp-content\/uploads\/2024\/07\/bfr_schnitte-1.png?ssl=1\"><img data-recalc-dims=\"1\" loading=\"lazy\" decoding=\"async\" width=\"700\" height=\"484\" src=\"https:\/\/i0.wp.com\/www.urban-architecture.com\/wp-content\/uploads\/2024\/07\/bfr_schnitte-1.png?resize=700%2C484&#038;ssl=1\" alt=\"\" class=\"wp-image-1409\" srcset=\"https:\/\/i0.wp.com\/www.urban-architecture.com\/wp-content\/uploads\/2024\/07\/bfr_schnitte-1.png?resize=1024%2C708&amp;ssl=1 1024w, https:\/\/i0.wp.com\/www.urban-architecture.com\/wp-content\/uploads\/2024\/07\/bfr_schnitte-1.png?resize=300%2C207&amp;ssl=1 300w, https:\/\/i0.wp.com\/www.urban-architecture.com\/wp-content\/uploads\/2024\/07\/bfr_schnitte-1.png?resize=768%2C531&amp;ssl=1 768w, https:\/\/i0.wp.com\/www.urban-architecture.com\/wp-content\/uploads\/2024\/07\/bfr_schnitte-1.png?resize=1536%2C1062&amp;ssl=1 1536w, https:\/\/i0.wp.com\/www.urban-architecture.com\/wp-content\/uploads\/2024\/07\/bfr_schnitte-1.png?resize=2048%2C1416&amp;ssl=1 2048w, https:\/\/i0.wp.com\/www.urban-architecture.com\/wp-content\/uploads\/2024\/07\/bfr_schnitte-1.png?w=1400&amp;ssl=1 1400w, https:\/\/i0.wp.com\/www.urban-architecture.com\/wp-content\/uploads\/2024\/07\/bfr_schnitte-1.png?w=2100&amp;ssl=1 2100w\" sizes=\"auto, (max-width: 700px) 100vw, 700px\" \/><\/a><\/figure>\n\n\n\n<figure class=\"wp-block-image size-large\"><a href=\"https:\/\/i0.wp.com\/www.urban-architecture.com\/wp-content\/uploads\/2024\/07\/bfr_ansichten-1.png?ssl=1\"><img data-recalc-dims=\"1\" loading=\"lazy\" decoding=\"async\" width=\"700\" height=\"492\" src=\"https:\/\/i0.wp.com\/www.urban-architecture.com\/wp-content\/uploads\/2024\/07\/bfr_ansichten-1.png?resize=700%2C492&#038;ssl=1\" alt=\"\" class=\"wp-image-1410\" srcset=\"https:\/\/i0.wp.com\/www.urban-architecture.com\/wp-content\/uploads\/2024\/07\/bfr_ansichten-1.png?resize=1024%2C719&amp;ssl=1 1024w, https:\/\/i0.wp.com\/www.urban-architecture.com\/wp-content\/uploads\/2024\/07\/bfr_ansichten-1.png?resize=300%2C211&amp;ssl=1 300w, https:\/\/i0.wp.com\/www.urban-architecture.com\/wp-content\/uploads\/2024\/07\/bfr_ansichten-1.png?resize=768%2C540&amp;ssl=1 768w, https:\/\/i0.wp.com\/www.urban-architecture.com\/wp-content\/uploads\/2024\/07\/bfr_ansichten-1.png?resize=1536%2C1079&amp;ssl=1 1536w, https:\/\/i0.wp.com\/www.urban-architecture.com\/wp-content\/uploads\/2024\/07\/bfr_ansichten-1.png?resize=2048%2C1439&amp;ssl=1 2048w, https:\/\/i0.wp.com\/www.urban-architecture.com\/wp-content\/uploads\/2024\/07\/bfr_ansichten-1.png?w=1400&amp;ssl=1 1400w, https:\/\/i0.wp.com\/www.urban-architecture.com\/wp-content\/uploads\/2024\/07\/bfr_ansichten-1.png?w=2100&amp;ssl=1 2100w\" sizes=\"auto, (max-width: 700px) 100vw, 700px\" \/><\/a><\/figure>\n\n\n\n<figure class=\"wp-block-image size-large\"><a href=\"https:\/\/i0.wp.com\/www.urban-architecture.com\/wp-content\/uploads\/2024\/07\/bfr_energiekonzept.png?ssl=1\"><img data-recalc-dims=\"1\" loading=\"lazy\" decoding=\"async\" width=\"700\" height=\"458\" src=\"https:\/\/i0.wp.com\/www.urban-architecture.com\/wp-content\/uploads\/2024\/07\/bfr_energiekonzept.png?resize=700%2C458&#038;ssl=1\" alt=\"\" class=\"wp-image-1411\" srcset=\"https:\/\/i0.wp.com\/www.urban-architecture.com\/wp-content\/uploads\/2024\/07\/bfr_energiekonzept.png?resize=1024%2C670&amp;ssl=1 1024w, https:\/\/i0.wp.com\/www.urban-architecture.com\/wp-content\/uploads\/2024\/07\/bfr_energiekonzept.png?resize=300%2C196&amp;ssl=1 300w, https:\/\/i0.wp.com\/www.urban-architecture.com\/wp-content\/uploads\/2024\/07\/bfr_energiekonzept.png?resize=768%2C503&amp;ssl=1 768w, https:\/\/i0.wp.com\/www.urban-architecture.com\/wp-content\/uploads\/2024\/07\/bfr_energiekonzept.png?resize=1536%2C1005&amp;ssl=1 1536w, https:\/\/i0.wp.com\/www.urban-architecture.com\/wp-content\/uploads\/2024\/07\/bfr_energiekonzept.png?resize=2048%2C1340&amp;ssl=1 2048w, https:\/\/i0.wp.com\/www.urban-architecture.com\/wp-content\/uploads\/2024\/07\/bfr_energiekonzept.png?w=1400&amp;ssl=1 1400w, https:\/\/i0.wp.com\/www.urban-architecture.com\/wp-content\/uploads\/2024\/07\/bfr_energiekonzept.png?w=2100&amp;ssl=1 2100w\" sizes=\"auto, (max-width: 700px) 100vw, 700px\" \/><\/a><\/figure>\n","protected":false},"excerpt":{"rendered":"<p>Der bestehende Bauhof f\u00fcr den Forstbezirk Vaihingen entspricht nicht mehr den heutigen Anforderungen. Nach Pr\u00fcfung des Bestandsgeb\u00e4udes wurde dieses als nicht entwicklungsf\u00e4hig eingestuft und ein Neubau ist notwendig. In dem neuen Bauhof werden die Ausbildung der angehenden Forstwirte als auch die jetzigen Mitarbeiter unter einem Dach zusammenarbeiten. Eine Garage mit sechs Stellpl\u00e4tzen, Sanit\u00e4r- und Umkleider\u00e4ume, [&hellip;]<\/p>\n","protected":false},"author":1,"featured_media":1401,"comment_status":"closed","ping_status":"closed","template":"","format":"standard","meta":{"advanced_seo_description":"","jetpack_seo_html_title":"","jetpack_seo_noindex":false,"footnotes":""},"jetpack-portfolio-type":[],"jetpack-portfolio-tag":[6],"class_list":["post-1337","jetpack-portfolio","type-jetpack-portfolio","status-publish","format-standard","has-post-thumbnail","hentry","jetpack-portfolio-tag-projekte"],"jetpack_sharing_enabled":true,"_links":{"self":[{"href":"https:\/\/www.urban-architecture.com\/index.php?rest_route=\/wp\/v2\/jetpack-portfolio\/1337","targetHints":{"allow":["GET"]}}],"collection":[{"href":"https:\/\/www.urban-architecture.com\/index.php?rest_route=\/wp\/v2\/jetpack-portfolio"}],"about":[{"href":"https:\/\/www.urban-architecture.com\/index.php?rest_route=\/wp\/v2\/types\/jetpack-portfolio"}],"author":[{"embeddable":true,"href":"https:\/\/www.urban-architecture.com\/index.php?rest_route=\/wp\/v2\/users\/1"}],"replies":[{"embeddable":true,"href":"https:\/\/www.urban-architecture.com\/index.php?rest_route=%2Fwp%2Fv2%2Fcomments&post=1337"}],"version-history":[{"count":6,"href":"https:\/\/www.urban-architecture.com\/index.php?rest_route=\/wp\/v2\/jetpack-portfolio\/1337\/revisions"}],"predecessor-version":[{"id":1413,"href":"https:\/\/www.urban-architecture.com\/index.php?rest_route=\/wp\/v2\/jetpack-portfolio\/1337\/revisions\/1413"}],"wp:featuredmedia":[{"embeddable":true,"href":"https:\/\/www.urban-architecture.com\/index.php?rest_route=\/wp\/v2\/media\/1401"}],"wp:attachment":[{"href":"https:\/\/www.urban-architecture.com\/index.php?rest_route=%2Fwp%2Fv2%2Fmedia&parent=1337"}],"wp:term":[{"taxonomy":"jetpack-portfolio-type","embeddable":true,"href":"https:\/\/www.urban-architecture.com\/index.php?rest_route=%2Fwp%2Fv2%2Fjetpack-portfolio-type&post=1337"},{"taxonomy":"jetpack-portfolio-tag","embeddable":true,"href":"https:\/\/www.urban-architecture.com\/index.php?rest_route=%2Fwp%2Fv2%2Fjetpack-portfolio-tag&post=1337"}],"curies":[{"name":"wp","href":"https:\/\/api.w.org\/{rel}","templated":true}]}}