{"id":1378,"date":"2024-07-07T17:30:01","date_gmt":"2024-07-07T16:30:01","guid":{"rendered":"https:\/\/www.urban-architecture.com\/?post_type=jetpack-portfolio&#038;p=1378"},"modified":"2024-07-07T17:30:05","modified_gmt":"2024-07-07T16:30:05","slug":"wohnen-in-sulzberg-wettbewerb-2-preis","status":"publish","type":"jetpack-portfolio","link":"https:\/\/www.urban-architecture.com\/?portfolio=wohnen-in-sulzberg-wettbewerb-2-preis","title":{"rendered":"Wohnen in Sulzberg, Wettbewerb 2.Preis"},"content":{"rendered":"\n<figure class=\"wp-block-image size-large\"><a href=\"https:\/\/i0.wp.com\/www.urban-architecture.com\/wp-content\/uploads\/2024\/07\/Modell-Ubersicht_grau.jpg?ssl=1\"><img data-recalc-dims=\"1\" loading=\"lazy\" decoding=\"async\" width=\"700\" height=\"525\" src=\"https:\/\/i0.wp.com\/www.urban-architecture.com\/wp-content\/uploads\/2024\/07\/Modell-Ubersicht_grau.jpg?resize=700%2C525&#038;ssl=1\" alt=\"\" class=\"wp-image-1373\" srcset=\"https:\/\/i0.wp.com\/www.urban-architecture.com\/wp-content\/uploads\/2024\/07\/Modell-Ubersicht_grau.jpg?resize=1024%2C768&amp;ssl=1 1024w, https:\/\/i0.wp.com\/www.urban-architecture.com\/wp-content\/uploads\/2024\/07\/Modell-Ubersicht_grau.jpg?resize=300%2C225&amp;ssl=1 300w, https:\/\/i0.wp.com\/www.urban-architecture.com\/wp-content\/uploads\/2024\/07\/Modell-Ubersicht_grau.jpg?resize=768%2C576&amp;ssl=1 768w, https:\/\/i0.wp.com\/www.urban-architecture.com\/wp-content\/uploads\/2024\/07\/Modell-Ubersicht_grau.jpg?resize=1536%2C1152&amp;ssl=1 1536w, https:\/\/i0.wp.com\/www.urban-architecture.com\/wp-content\/uploads\/2024\/07\/Modell-Ubersicht_grau.jpg?w=2000&amp;ssl=1 2000w, https:\/\/i0.wp.com\/www.urban-architecture.com\/wp-content\/uploads\/2024\/07\/Modell-Ubersicht_grau.jpg?w=1400&amp;ssl=1 1400w\" sizes=\"auto, (max-width: 700px) 100vw, 700px\" \/><\/a><figcaption class=\"wp-element-caption\">\u00a9 UA Urban Architecture, Planstatt Senner<\/figcaption><\/figure>\n\n\n\n<p>Wohnanlage in Sulzberg &#8211; Ried<\/p>\n\n\n\n<p>Die Gemeinde Markt Sulzberg &#8211; Ried plant zur Entlastung des angespannten Wohnungsmarkts eigene Wohnungen zu errichten. Die aufgelassene Hofstelle im Weiler Ried soll eine Wohnanlage mit einem Schwerpunkt auf kleinere Wohnungen anbieten. Zwei ost-west orientierte l\u00e4ngliche Riegel bilden eine soziale Mitte, die sich nach S\u00fcden in die Landschaft \u00f6ffnet. Die effiziente Erschliessung der durchgesteckten Wohnungen erfolgt durch einen vorgelagerten halb-\u00f6ffentlichen Laubengang. Diese Erweiterung des Wohnraums erm\u00f6glicht zwangslose soziale Treffen, die den sozialen Zusammenhalt in der Wohnanlage st\u00e4rkt. Die kompakten und qualit\u00e4tsvollen Grundrisse bieten mit den angebotenen Loggia&#8217;s auch einen privaten R\u00fcckzugsraum. Der private Freiraum geht fliessend in den Gr\u00fcnraum aus Wiesen, Rasen und Pflanzfl\u00e4chen \u00fcber. Das Dorfhaus schliesst den Hof nach S\u00fcden ab. Das sichtbar Haus bietet Raum f\u00fcr Aktivit\u00e4ten der gesamten Dorfgemeinschaft und st\u00e4rkt die Integration der neuen Wohnanlage in die soziale Struktur des Orts. Die Geb\u00e4ude werden in der nachhaltigen Holzhybrid-Bauweise errichtet die eine kurze Bauzeit und wirtschaftlichen Betrieb erm\u00f6glicht.   <\/p>\n\n\n\n<figure class=\"wp-block-image size-large\"><a href=\"https:\/\/i0.wp.com\/www.urban-architecture.com\/wp-content\/uploads\/2024\/07\/EG.jpg?ssl=1\"><img data-recalc-dims=\"1\" loading=\"lazy\" decoding=\"async\" width=\"700\" height=\"665\" src=\"https:\/\/i0.wp.com\/www.urban-architecture.com\/wp-content\/uploads\/2024\/07\/EG.jpg?resize=700%2C665&#038;ssl=1\" alt=\"\" class=\"wp-image-1381\" srcset=\"https:\/\/i0.wp.com\/www.urban-architecture.com\/wp-content\/uploads\/2024\/07\/EG.jpg?resize=1024%2C973&amp;ssl=1 1024w, https:\/\/i0.wp.com\/www.urban-architecture.com\/wp-content\/uploads\/2024\/07\/EG.jpg?resize=300%2C285&amp;ssl=1 300w, https:\/\/i0.wp.com\/www.urban-architecture.com\/wp-content\/uploads\/2024\/07\/EG.jpg?resize=768%2C730&amp;ssl=1 768w, https:\/\/i0.wp.com\/www.urban-architecture.com\/wp-content\/uploads\/2024\/07\/EG.jpg?resize=1536%2C1459&amp;ssl=1 1536w, https:\/\/i0.wp.com\/www.urban-architecture.com\/wp-content\/uploads\/2024\/07\/EG.jpg?resize=2048%2C1946&amp;ssl=1 2048w, https:\/\/i0.wp.com\/www.urban-architecture.com\/wp-content\/uploads\/2024\/07\/EG.jpg?w=1400&amp;ssl=1 1400w\" sizes=\"auto, (max-width: 700px) 100vw, 700px\" \/><\/a><figcaption class=\"wp-element-caption\">\u00a9 UA Urban Architecture, Planstatt Senner<\/figcaption><\/figure>\n\n\n\n<figure class=\"wp-block-image size-large\"><a href=\"https:\/\/i0.wp.com\/www.urban-architecture.com\/wp-content\/uploads\/2024\/07\/Ansicht-Ost.jpg?ssl=1\"><img data-recalc-dims=\"1\" loading=\"lazy\" decoding=\"async\" width=\"700\" height=\"350\" src=\"https:\/\/i0.wp.com\/www.urban-architecture.com\/wp-content\/uploads\/2024\/07\/Ansicht-Ost.jpg?resize=700%2C350&#038;ssl=1\" alt=\"\" class=\"wp-image-1379\" srcset=\"https:\/\/i0.wp.com\/www.urban-architecture.com\/wp-content\/uploads\/2024\/07\/Ansicht-Ost.jpg?resize=1024%2C512&amp;ssl=1 1024w, https:\/\/i0.wp.com\/www.urban-architecture.com\/wp-content\/uploads\/2024\/07\/Ansicht-Ost.jpg?resize=300%2C150&amp;ssl=1 300w, https:\/\/i0.wp.com\/www.urban-architecture.com\/wp-content\/uploads\/2024\/07\/Ansicht-Ost.jpg?resize=768%2C384&amp;ssl=1 768w, https:\/\/i0.wp.com\/www.urban-architecture.com\/wp-content\/uploads\/2024\/07\/Ansicht-Ost.jpg?resize=1536%2C768&amp;ssl=1 1536w, https:\/\/i0.wp.com\/www.urban-architecture.com\/wp-content\/uploads\/2024\/07\/Ansicht-Ost.jpg?w=2000&amp;ssl=1 2000w, https:\/\/i0.wp.com\/www.urban-architecture.com\/wp-content\/uploads\/2024\/07\/Ansicht-Ost.jpg?w=1400&amp;ssl=1 1400w\" sizes=\"auto, (max-width: 700px) 100vw, 700px\" \/><\/a><figcaption class=\"wp-element-caption\">\u00a9 UA Urban Architecture, Planstatt Senner<\/figcaption><\/figure>\n\n\n\n<figure class=\"wp-block-image size-large\"><a href=\"https:\/\/i0.wp.com\/www.urban-architecture.com\/wp-content\/uploads\/2024\/07\/Schnitt-quer.jpg?ssl=1\"><img data-recalc-dims=\"1\" loading=\"lazy\" decoding=\"async\" width=\"700\" height=\"350\" src=\"https:\/\/i0.wp.com\/www.urban-architecture.com\/wp-content\/uploads\/2024\/07\/Schnitt-quer.jpg?resize=700%2C350&#038;ssl=1\" alt=\"\" class=\"wp-image-1383\" srcset=\"https:\/\/i0.wp.com\/www.urban-architecture.com\/wp-content\/uploads\/2024\/07\/Schnitt-quer.jpg?resize=1024%2C512&amp;ssl=1 1024w, https:\/\/i0.wp.com\/www.urban-architecture.com\/wp-content\/uploads\/2024\/07\/Schnitt-quer.jpg?resize=300%2C150&amp;ssl=1 300w, https:\/\/i0.wp.com\/www.urban-architecture.com\/wp-content\/uploads\/2024\/07\/Schnitt-quer.jpg?resize=768%2C384&amp;ssl=1 768w, https:\/\/i0.wp.com\/www.urban-architecture.com\/wp-content\/uploads\/2024\/07\/Schnitt-quer.jpg?resize=1536%2C768&amp;ssl=1 1536w, https:\/\/i0.wp.com\/www.urban-architecture.com\/wp-content\/uploads\/2024\/07\/Schnitt-quer.jpg?w=2000&amp;ssl=1 2000w, https:\/\/i0.wp.com\/www.urban-architecture.com\/wp-content\/uploads\/2024\/07\/Schnitt-quer.jpg?w=1400&amp;ssl=1 1400w\" sizes=\"auto, (max-width: 700px) 100vw, 700px\" \/><\/a><figcaption class=\"wp-element-caption\">\u00a9 UA Urban Architecture, Planstatt Senner<\/figcaption><\/figure>\n\n\n\n<figure class=\"wp-block-image size-large\"><a href=\"https:\/\/i0.wp.com\/www.urban-architecture.com\/wp-content\/uploads\/2024\/07\/Ansicht-Sud.jpg?ssl=1\"><img data-recalc-dims=\"1\" loading=\"lazy\" decoding=\"async\" width=\"700\" height=\"350\" src=\"https:\/\/i0.wp.com\/www.urban-architecture.com\/wp-content\/uploads\/2024\/07\/Ansicht-Sud.jpg?resize=700%2C350&#038;ssl=1\" alt=\"\" class=\"wp-image-1380\" srcset=\"https:\/\/i0.wp.com\/www.urban-architecture.com\/wp-content\/uploads\/2024\/07\/Ansicht-Sud.jpg?resize=1024%2C512&amp;ssl=1 1024w, https:\/\/i0.wp.com\/www.urban-architecture.com\/wp-content\/uploads\/2024\/07\/Ansicht-Sud.jpg?resize=300%2C150&amp;ssl=1 300w, https:\/\/i0.wp.com\/www.urban-architecture.com\/wp-content\/uploads\/2024\/07\/Ansicht-Sud.jpg?resize=768%2C384&amp;ssl=1 768w, https:\/\/i0.wp.com\/www.urban-architecture.com\/wp-content\/uploads\/2024\/07\/Ansicht-Sud.jpg?resize=1536%2C768&amp;ssl=1 1536w, https:\/\/i0.wp.com\/www.urban-architecture.com\/wp-content\/uploads\/2024\/07\/Ansicht-Sud.jpg?w=2000&amp;ssl=1 2000w, https:\/\/i0.wp.com\/www.urban-architecture.com\/wp-content\/uploads\/2024\/07\/Ansicht-Sud.jpg?w=1400&amp;ssl=1 1400w\" sizes=\"auto, (max-width: 700px) 100vw, 700px\" \/><\/a><figcaption class=\"wp-element-caption\">\u00a9 UA Urban Architecture, Planstatt Senner<\/figcaption><\/figure>\n\n\n\n<figure class=\"wp-block-image size-large\"><a href=\"https:\/\/i0.wp.com\/www.urban-architecture.com\/wp-content\/uploads\/2024\/07\/Modell-Ansicht_grau.jpg?ssl=1\"><img data-recalc-dims=\"1\" loading=\"lazy\" decoding=\"async\" width=\"700\" height=\"525\" src=\"https:\/\/i0.wp.com\/www.urban-architecture.com\/wp-content\/uploads\/2024\/07\/Modell-Ansicht_grau.jpg?resize=700%2C525&#038;ssl=1\" alt=\"\" class=\"wp-image-1382\" srcset=\"https:\/\/i0.wp.com\/www.urban-architecture.com\/wp-content\/uploads\/2024\/07\/Modell-Ansicht_grau.jpg?resize=1024%2C768&amp;ssl=1 1024w, https:\/\/i0.wp.com\/www.urban-architecture.com\/wp-content\/uploads\/2024\/07\/Modell-Ansicht_grau.jpg?resize=300%2C225&amp;ssl=1 300w, https:\/\/i0.wp.com\/www.urban-architecture.com\/wp-content\/uploads\/2024\/07\/Modell-Ansicht_grau.jpg?resize=768%2C576&amp;ssl=1 768w, https:\/\/i0.wp.com\/www.urban-architecture.com\/wp-content\/uploads\/2024\/07\/Modell-Ansicht_grau.jpg?resize=1536%2C1152&amp;ssl=1 1536w, https:\/\/i0.wp.com\/www.urban-architecture.com\/wp-content\/uploads\/2024\/07\/Modell-Ansicht_grau.jpg?w=2000&amp;ssl=1 2000w, https:\/\/i0.wp.com\/www.urban-architecture.com\/wp-content\/uploads\/2024\/07\/Modell-Ansicht_grau.jpg?w=1400&amp;ssl=1 1400w\" sizes=\"auto, (max-width: 700px) 100vw, 700px\" \/><\/a><figcaption class=\"wp-element-caption\">\u00a9 UA Urban Architecture, Planstatt Senner<\/figcaption><\/figure>\n\n\n\n<p>Daten<\/p>\n\n\n\n<p>Zeitraum 06\/24<br>Stand Wettbewerb, 2.Preis<br>LPH 1\/2<br>Fl\u00e4che 1.500 qm<br>Budget \u2013 Mio Euro<br>Bauherr Gemeinde Markt Sulzberg<\/p>\n\n\n\n<p>In Zusammenarbeit mit Planstatt Senner, \u00dcberlingen<br><\/p>\n","protected":false},"excerpt":{"rendered":"<p>Wohnanlage in Sulzberg &#8211; Ried Die Gemeinde Markt Sulzberg &#8211; Ried plant zur Entlastung des angespannten Wohnungsmarkts eigene Wohnungen zu errichten. Die aufgelassene Hofstelle im Weiler Ried soll eine Wohnanlage mit einem Schwerpunkt auf kleinere Wohnungen anbieten. Zwei ost-west orientierte l\u00e4ngliche Riegel bilden eine soziale Mitte, die sich nach S\u00fcden in die Landschaft \u00f6ffnet. Die [&hellip;]<\/p>\n","protected":false},"author":1,"featured_media":1373,"comment_status":"closed","ping_status":"closed","template":"","format":"standard","meta":{"advanced_seo_description":"","jetpack_seo_html_title":"","jetpack_seo_noindex":false,"footnotes":""},"jetpack-portfolio-type":[],"jetpack-portfolio-tag":[11,7],"class_list":["post-1378","jetpack-portfolio","type-jetpack-portfolio","status-publish","format-standard","has-post-thumbnail","hentry","jetpack-portfolio-tag-archiv","jetpack-portfolio-tag-wettbewerbe"],"jetpack_sharing_enabled":true,"_links":{"self":[{"href":"https:\/\/www.urban-architecture.com\/index.php?rest_route=\/wp\/v2\/jetpack-portfolio\/1378","targetHints":{"allow":["GET"]}}],"collection":[{"href":"https:\/\/www.urban-architecture.com\/index.php?rest_route=\/wp\/v2\/jetpack-portfolio"}],"about":[{"href":"https:\/\/www.urban-architecture.com\/index.php?rest_route=\/wp\/v2\/types\/jetpack-portfolio"}],"author":[{"embeddable":true,"href":"https:\/\/www.urban-architecture.com\/index.php?rest_route=\/wp\/v2\/users\/1"}],"replies":[{"embeddable":true,"href":"https:\/\/www.urban-architecture.com\/index.php?rest_route=%2Fwp%2Fv2%2Fcomments&post=1378"}],"version-history":[{"count":7,"href":"https:\/\/www.urban-architecture.com\/index.php?rest_route=\/wp\/v2\/jetpack-portfolio\/1378\/revisions"}],"predecessor-version":[{"id":1392,"href":"https:\/\/www.urban-architecture.com\/index.php?rest_route=\/wp\/v2\/jetpack-portfolio\/1378\/revisions\/1392"}],"wp:featuredmedia":[{"embeddable":true,"href":"https:\/\/www.urban-architecture.com\/index.php?rest_route=\/wp\/v2\/media\/1373"}],"wp:attachment":[{"href":"https:\/\/www.urban-architecture.com\/index.php?rest_route=%2Fwp%2Fv2%2Fmedia&parent=1378"}],"wp:term":[{"taxonomy":"jetpack-portfolio-type","embeddable":true,"href":"https:\/\/www.urban-architecture.com\/index.php?rest_route=%2Fwp%2Fv2%2Fjetpack-portfolio-type&post=1378"},{"taxonomy":"jetpack-portfolio-tag","embeddable":true,"href":"https:\/\/www.urban-architecture.com\/index.php?rest_route=%2Fwp%2Fv2%2Fjetpack-portfolio-tag&post=1378"}],"curies":[{"name":"wp","href":"https:\/\/api.w.org\/{rel}","templated":true}]}}